{"id":299,"date":"2019-04-25T13:45:59","date_gmt":"2019-04-25T16:45:59","guid":{"rendered":"http:\/\/pesquisa.ufabc.edu.br\/macroamb\/?page_id=299"},"modified":"2021-09-27T14:07:25","modified_gmt":"2021-09-27T17:07:25","slug":"sobre-o-projeto","status":"publish","type":"page","link":"https:\/\/pesquisa.ufabc.edu.br\/macroamb\/sobre-o-projeto\/","title":{"rendered":"Sobre o Projeto"},"content":{"rendered":"<p>[vc_row css=&#8221;.vc_custom_1572357845654{margin-top: 30px !important;}&#8221;][vc_column][vc_column_text css=&#8221;.vc_custom_1572273286523{margin-bottom: 0px !important;padding-bottom: 0px !important;}&#8221;]<\/p>\n<h1><span style=\"color: #003300;\"><strong>MacroAmb: Governan\u00e7a Ambiental da Macrometr\u00f3pole Paulista face \u00e0 variabilidade clim\u00e1tica<\/strong><\/span><\/h1>\n<p>[\/vc_column_text][\/vc_column][\/vc_row][vc_row css=&#8221;.vc_custom_1572273327353{margin-top: 0px !important;padding-top: 0px !important;}&#8221;][vc_column width=&#8221;1\/2&#8243;][vc_column_text css=&#8221;.vc_custom_1573433204789{padding-bottom: 20px !important;}&#8221;]<\/p>\n<h4>Introdu\u00e7\u00e3o: Governan\u00e7a Socioambiental, Variabilidade Clim\u00e1tica, Escassez H\u00eddrica e Vulnerabilidade<\/h4>\n<p>[\/vc_column_text][vc_column_text el_class=&#8221;grupos-txt&#8221;]<\/p>\n<h5 style=\"text-align: left;\"><em>Projeto Tem\u00e1tico de Pesquisa FAPESP n\u00ba 2015-03804-9\u00a0<\/em><\/h5>\n<p>&nbsp;<\/p>\n<p>Em um contexto fortemente marcado por mudan\u00e7as clim\u00e1ticas e incerteza decorrentes destas, e com fortes tend\u00eancias de altera\u00e7\u00f5es nas din\u00e2micas de regime h\u00eddrico, torna-se premente a necessidade de avan\u00e7ar no conhecimento e na inova\u00e7\u00e3o associada \u00e0 ado\u00e7\u00e3o de medidas flex\u00edveis de gest\u00e3o adaptativa da \u00e1gua e implementa\u00e7\u00e3o de governan\u00e7a ambiental numa perspectiva integrada descentralizada e interdependente.<\/p>\n<p>Face \u00e0s evid\u00eancias do aquecimento global e as consequ\u00eancias na variabilidade clim\u00e1tica, colocam-se novos desafios para abordar o tema da governan\u00e7a ambiental, e notadamente da \u00e1gua e suas interfaces com energia e seguran\u00e7a alimentar, em uma escala que transcende a Regi\u00e3o Metropolitana de S\u00e3o Paulo (RMSP), cuja denomina\u00e7\u00e3o mais difundida \u00e9 o termo Macrometr\u00f3pole Paulista. Nesse contexto, a delimita\u00e7\u00e3o escolhida considera as \u00e1reas de oito Unidades de Gerenciamento de Recursos H\u00eddricos (UGRHIs) que comp\u00f5em a organiza\u00e7\u00e3o estadual para a gest\u00e3o de recursos h\u00eddricos. Est\u00e3o inseridas nessa \u00e1rea cinco Regi\u00f5es Metropolitanas (S\u00e3o Paulo, Baixada Santista, Sorocaba, Campinas e a do Vale do Para\u00edba e Litoral Norte), duas aglomera\u00e7\u00f5es urbanas &#8211; Jundiai e Piracicaba; e duas microrregi\u00f5es &#8211; S\u00e3o Roque e Bragantina(SSRH\/DAEE\/COBRAPE, 2013).<\/p>\n<p>Figura1: Mapa da Macrometr\u00f3pole Paulista Fonte: SSRH\/DAEE\/Cobrape, 2013<\/p>\n<p>N\u00e3o se trata de abordar a simples expans\u00e3o da metr\u00f3pole, mas a necessidade de se reconhecer um novo patamar de intera\u00e7\u00e3o territorial funcional e de suas interdepend\u00eancias, que demanda ampla revis\u00e3o dos paradigmas existentes em torno dos instrumentos setoriais e locais de gest\u00e3o. Trata-se de uma \u00e1rea integrada por fluxos de mercadorias, pessoas, servi\u00e7os ecossist\u00eamicos, vulnerabilidades e informa\u00e7\u00f5es tendo a capital paulista como seu centro polarizador.<\/p>\n<p>A din\u00e2mica da Regi\u00e3o Metropolitana de S\u00e3o Paulo (RMSP) se ampliou de tal maneira que expande seus tent\u00e1culos para outros territ\u00f3rios, de forma complementar ou de forma integrada. Seu dinamismo engloba praticamente todo o territ\u00f3rio nacional abrangendo a\u00e7\u00f5es regionais e globais, sendo considerada a maior e mais importante regi\u00e3o metropolitana do pa\u00eds.<\/p>\n<p>A din\u00e2mica econ\u00f4mica da RMSP n\u00e3o \u00e9 restrita aos limites pol\u00edtico- administrativos dos munic\u00edpios que a comp\u00f5em. Participam da cadeia econ\u00f4mica da RMSP a\u00e7\u00f5es socioprodutivas, as rela\u00e7\u00f5es econ\u00f4micas integradas geograficamente e o crescimento de atividades intensivas em ci\u00eancia e tecnologia, que apontam para articula\u00e7\u00e3o dos diversos atores e para o refor\u00e7o do potencial aglomerativo dessas regi\u00f5es.<\/p>\n<p>Trata-se, portanto, de uma nova abordagem, na qual o Complexo Metropolitano Expandido, a Macrometr\u00f3pole, compreende as regi\u00f5es em processo de conurba\u00e7\u00e3o, pr\u00f3ximas a S\u00e3o Paulo, e sua respectiva regi\u00e3o metropolitana, com cerca de 20 milh\u00f5es de habitantes.<\/p>\n<p>A Macrometr\u00f3pole Paulista caracteriza-se pela diversidade e complementaridade de fun\u00e7\u00f5es econ\u00f4micas, sociais e ambientais, exercidas em seu territ\u00f3rio. Essa nova conforma\u00e7\u00e3o territorial urbana tem uma \u00e1rea aproximada de 52 mil quil\u00f4metros quadrados e popula\u00e7\u00e3o superior a 30,8 milh\u00f5es de habitantes distribu\u00eddos em 180 munic\u00edpios, e concentra 75% da popula\u00e7\u00e3o do Estado, e responde por 83% do PIB do Estado de S\u00e3o Paulo (SSRH\/DAEE\/COBRAPE, 2013). Este grande conglomerado apresenta um conjunto de problemas que t\u00eam se avolumado, n\u00e3o se relacionando apenas ao territ\u00f3rio, mas com a articula\u00e7\u00e3o entre inst\u00e2ncias de gest\u00e3o respons\u00e1veis por infraestruturas de saneamento, servi\u00e7os ecossist\u00eamicos associados \u00e0 qualidade de vida para popula\u00e7\u00e3o e o controle e contingenciamento dos riscos e vulnerabilidades, associados \u00e0s iniquidades socioambientais.<\/p>\n<p>A concep\u00e7\u00e3o de inova\u00e7\u00e3o que permeia a proposta se pauta pela import\u00e2ncia de analisar as alternativas de implementa\u00e7\u00e3o de um modelo de governan\u00e7a, enfatiza-se a necessidade de surgimento de novos formatos de governan\u00e7a, no prop\u00f3sito de melhor lidar com a vulnerabilidade e as incertezas decorrentes do ritmo veloz das mudan\u00e7as globais.<\/p>\n<p>Para tanto se coloca a necessidade de refletir sobre novas vis\u00f5es de governan\u00e7a, que fortale\u00e7am o planejamento e a organiza\u00e7\u00e3o das a\u00e7\u00f5es no sentido de mudar a l\u00f3gica prevalecente de grandes demandas de \u00e1gua, de alimentos, de energia e demais componentes de uma an\u00e1lise ambiental integrada.<\/p>\n<p>O novo desafio demanda avan\u00e7ar em iniciativas que levem em considera\u00e7\u00e3o as dimens\u00f5es da sustentabilidade dos sistemas, o uso racional de recursos e os servi\u00e7os ecossist\u00eamicos, constitu\u00edda por valores de equidade e de mitiga\u00e7\u00e3o de iniquidades. Destacam-se as situa\u00e7\u00f5es de vulnerabilidade socioambiental, especialmente a vulnerabilidade h\u00eddrica, que requerem adapta\u00e7\u00e3o frente \u00e0 constante amea\u00e7a de escassez h\u00eddrica e a consequente necessidade de ampliar resili\u00eancia, reduzir o riscos e fortalecer perspectivas de governan\u00e7a adaptativa.<\/p>\n<p>Nesse contexto, as problem\u00e1ticas do aquecimento global e as consequentes mudan\u00e7as do clima e medidas necess\u00e1rias de adapta\u00e7\u00e3o, principalmente aquelas baseadas em servi\u00e7os ecossist\u00eamicos, assim como as press\u00f5es e estresse sobre os recursos h\u00eddricos na Macrometr\u00f3pole de S\u00e3o Paulo se colocam como grandes desafios no contexto da governan\u00e7a ambiental a serem analisados.<\/p>\n<p>Os longos per\u00edodos de estiagens tornam-se crescentemente preocupantes \u00e0 medida que aumentam os efeitos da degrada\u00e7\u00e3o ambiental sobre a disponibilidade de recursos h\u00eddricos. Nesse sentido, destaca-se a import\u00e2ncia que assume a concep\u00e7\u00e3o de governan\u00e7a adaptativa, na qual se enfatizam todos os arranjos institucionais, as organiza\u00e7\u00f5es da sociedade civil e as rela\u00e7\u00f5es de poder envolvidos em processo que demanda inova\u00e7\u00e3o e instrumentos para enfrentar a crescente complexidade e incertezas associadas a mudan\u00e7as no clima. O que se coloca em pauta \u00e9 o quanto as poss\u00edveis mudan\u00e7as clim\u00e1ticas e suas consequ\u00eancias podem corroborar a diminui\u00e7\u00e3o da resili\u00eancia do sistema. Desde uma perspectiva de governan\u00e7a coloca-se a necessidade de uma crescente capacidade adaptativa, associada a interven\u00e7\u00f5es que objetivam mudan\u00e7as nas l\u00f3gicas de conhecimento, institui\u00e7\u00f5es, processos decis\u00f3rios e comportamentos, ampliando a capacidade de resili\u00eancia do sistema, assim como, interferindo positivamente nos processos regulat\u00f3rios e nos mecanismos e organiza\u00e7\u00f5es atrav\u00e9s dos quais atores pol\u00edticos influenciam a\u00e7\u00f5es e resultados (ENGLE &amp; LEMOS, 2010; LEMOS &amp; AGRAWAL, 2006).<\/p>\n<p>Definir novas formas de governan\u00e7a da \u00e1gua, que leve em conta a din\u00e2mica territorial associada a este recurso, e de temas afins pode contribuir para a mudan\u00e7a no planejamento e gest\u00e3o dos recursos h\u00eddricos, do saneamento b\u00e1sico e de recursos energ\u00e9ticos, uma vez que estas quest\u00f5es transcendem limites f\u00edsicos e pol\u00edtico- administrativos.[\/vc_column_text][\/vc_column][vc_column width=&#8221;1\/2&#8243;][vc_single_image image=&#8221;822&#8243; img_size=&#8221;1280&#215;720&#8243;][vc_column_text css=&#8221;.vc_custom_1573640672142{margin-top: 30px !important;}&#8221;]<strong>Pesquisador Respons\u00e1vel:<\/strong> Prof. Dr. Pedro Roberto Jacobi (IEE\/USP)\u00a0 <a href=\"http:\/\/lattes.cnpq.br\/6799067928413168\"><img data-attachment-id=\"763\" data-permalink=\"https:\/\/pesquisa.ufabc.edu.br\/macroamb\/governanca-de-saneamento-ambiental-e-analises-das-vulnerabilidades-na-macrometropole-paulista\/lattes\/\" data-orig-file=\"https:\/\/i1.wp.com\/pesquisa.ufabc.edu.br\/macroamb\/wp-content\/uploads\/2019\/09\/lattes.jpg?fit=25%2C30&amp;ssl=1\" data-orig-size=\"25,30\" data-comments-opened=\"1\" data-image-meta=\"{&quot;aperture&quot;:&quot;0&quot;,&quot;credit&quot;:&quot;&quot;,&quot;camera&quot;:&quot;&quot;,&quot;caption&quot;:&quot;&quot;,&quot;created_timestamp&quot;:&quot;0&quot;,&quot;copyright&quot;:&quot;&quot;,&quot;focal_length&quot;:&quot;0&quot;,&quot;iso&quot;:&quot;0&quot;,&quot;shutter_speed&quot;:&quot;0&quot;,&quot;title&quot;:&quot;&quot;,&quot;orientation&quot;:&quot;1&quot;}\" data-image-title=\"lattes\" data-image-description=\"\" data-medium-file=\"https:\/\/i1.wp.com\/pesquisa.ufabc.edu.br\/macroamb\/wp-content\/uploads\/2019\/09\/lattes.jpg?fit=25%2C30&amp;ssl=1\" data-large-file=\"https:\/\/i1.wp.com\/pesquisa.ufabc.edu.br\/macroamb\/wp-content\/uploads\/2019\/09\/lattes.jpg?fit=25%2C30&amp;ssl=1\" loading=\"lazy\" class=\"alignnone size-full wp-image-763\" src=\"https:\/\/i1.wp.com\/pesquisa.ufabc.edu.br\/macroamb\/wp-content\/uploads\/2019\/09\/lattes.jpg?resize=25%2C30\" alt=\"\" width=\"25\" height=\"30\" data-recalc-dims=\"1\" \/><\/a><\/p>\n<h3><strong>Grupos de pesquisa<\/strong><\/h3>\n<ol>\n<li><a href=\"http:\/\/pesquisa.ufabc.edu.br\/macroamb\/governanca-de-saneamento-ambiental-e-analises-das-vulnerabilidades-na-macrometropole-paulista\/\">Governan\u00e7a de Saneamento Ambiental e An\u00e1lises das Vulnerabilidades na Macrometr\u00f3pole Paulista<\/a><\/li>\n<li><a href=\"http:\/\/pesquisa.ufabc.edu.br\/macroamb\/territorialidades-espacialidades-e-inovacao\/\">Territorialidades, espacialidades e inova\u00e7\u00e3o na governan\u00e7a ambiental<\/a><\/li>\n<li><a href=\"http:\/\/pesquisa.ufabc.edu.br\/macroamb\/a-abordagem-dos-servicos-ecossistemicos\/\">A abordagem dos servi\u00e7os ecossist\u00eamicos na din\u00e2mica da governan\u00e7a ambiental<\/a><\/li>\n<li><a href=\"http:\/\/pesquisa.ufabc.edu.br\/macroamb\/a-governanca-das-questoes-energeticas\/\">A governan\u00e7a das quest\u00f5es energ\u00e9ticas no contexto da Macrometr\u00f3pole Paulista<\/a><\/li>\n<li><a href=\"http:\/\/pesquisa.ufabc.edu.br\/macroamb\/evolucao-da-urbanizacao-da-cidade-de-sao-paulo\/\">Evolu\u00e7\u00e3o da Urbaniza\u00e7\u00e3o da cidade de S\u00e3o Paulo e seu impacto nos padr\u00f5es atmosf\u00e9ricos da regi\u00e3o: Simula\u00e7\u00f5es Num\u00e9ricas do Clima presente e futuro<\/a><\/li>\n<\/ol>\n<p>[\/vc_column_text][\/vc_column][\/vc_row]<\/p>\n","protected":false},"excerpt":{"rendered":"<p>[vc_row css=&#8221;.vc_custom_1572357845654{margin-top: 30px !important;}&#8221;][vc_column][vc_column_text css=&#8221;.vc_custom_1572273286523{margin-bottom: 0px !important;padding-bottom: 0px !important;}&#8221;] MacroAmb: Governan\u00e7a Ambiental da Macrometr\u00f3pole Paulista face \u00e0 variabilidade clim\u00e1tica [\/vc_column_text][\/vc_column][\/vc_row][vc_row css=&#8221;.vc_custom_1572273327353{margin-top: 0px !important;padding-top: 0px !important;}&#8221;][vc_column width=&#8221;1\/2&#8243;][vc_column_text css=&#8221;.vc_custom_1573433204789{padding-bottom: 20px !important;}&#8221;] Introdu\u00e7\u00e3o: Governan\u00e7a Socioambiental, Variabilidade Clim\u00e1tica, Escassez H\u00eddrica e Vulnerabilidade [\/vc_column_text][vc_column_text el_class=&#8221;grupos-txt&#8221;] Projeto Tem\u00e1tico de Pesquisa FAPESP n\u00ba 2015-03804-9\u00a0 &nbsp; Em um contexto fortemente marcado por mudan\u00e7as<a class=\"read-more\" href=\"https:\/\/pesquisa.ufabc.edu.br\/macroamb\/sobre-o-projeto\/\">Continue reading <i class=\"fal fa-angle-right\"><\/i><\/a><\/p>\n","protected":false},"author":1,"featured_media":0,"parent":0,"menu_order":0,"comment_status":"closed","ping_status":"closed","template":"","meta":{"spay_email":""},"jetpack_sharing_enabled":true,"jetpack_shortlink":"https:\/\/wp.me\/PaRCEa-4P","jetpack-related-posts":[],"_links":{"self":[{"href":"https:\/\/pesquisa.ufabc.edu.br\/macroamb\/wp-json\/wp\/v2\/pages\/299"}],"collection":[{"href":"https:\/\/pesquisa.ufabc.edu.br\/macroamb\/wp-json\/wp\/v2\/pages"}],"about":[{"href":"https:\/\/pesquisa.ufabc.edu.br\/macroamb\/wp-json\/wp\/v2\/types\/page"}],"author":[{"embeddable":true,"href":"https:\/\/pesquisa.ufabc.edu.br\/macroamb\/wp-json\/wp\/v2\/users\/1"}],"replies":[{"embeddable":true,"href":"https:\/\/pesquisa.ufabc.edu.br\/macroamb\/wp-json\/wp\/v2\/comments?post=299"}],"version-history":[{"count":25,"href":"https:\/\/pesquisa.ufabc.edu.br\/macroamb\/wp-json\/wp\/v2\/pages\/299\/revisions"}],"predecessor-version":[{"id":1329,"href":"https:\/\/pesquisa.ufabc.edu.br\/macroamb\/wp-json\/wp\/v2\/pages\/299\/revisions\/1329"}],"wp:attachment":[{"href":"https:\/\/pesquisa.ufabc.edu.br\/macroamb\/wp-json\/wp\/v2\/media?parent=299"}],"curies":[{"name":"wp","href":"https:\/\/api.w.org\/{rel}","templated":true}]}}