{"id":26,"date":"2014-11-29T19:34:09","date_gmt":"2014-11-29T19:34:09","guid":{"rendered":"http:\/\/pesquisa.ufabc.edu.br\/lacomb\/?page_id=26"},"modified":"2016-08-05T00:02:01","modified_gmt":"2016-08-05T00:02:01","slug":"vani","status":"publish","type":"page","link":"https:\/\/pesquisa.ufabc.edu.br\/lacomb\/professores\/vani\/","title":{"rendered":"Vani"},"content":{"rendered":"<p>[vc_row row_type=&#8221;row&#8221; use_row_as_full_screen_section=&#8221;no&#8221; type=&#8221;full_width&#8221; angled_section=&#8221;no&#8221; text_align=&#8221;left&#8221; background_image_as_pattern=&#8221;without_pattern&#8221; css_animation=&#8221;&#8221;][vc_column width=&#8221;1\/2&#8243;][vc_single_image image=&#8221;64&#8243; img_size=&#8221;full&#8221; alignment=&#8221;center&#8221; qode_css_animation=&#8221;&#8221; css=&#8221;.vc_custom_1470354048832{padding-top: 30px !important;padding-bottom: 30px !important;}&#8221;][\/vc_column][vc_column width=&#8221;1\/2&#8243;][vc_column_text css=&#8221;.vc_custom_1470354150434{padding-top: 30px !important;padding-bottom: 30px !important;}&#8221;]<\/p>\n<p style=\"text-align: justify;\"><span style=\"color: #000000;\">Dr. Oliveira \u00e9 professor adjunto do Centro de Ci\u00eancias e Humanidades da Universidade Federal do ABC \u2013 UFABC.<\/span><br \/>\n<span style=\"color: #000000;\">Formado em bacharelado em Qu\u00edmica na Universidade de S\u00e3o Paulo \u2013 USP, obteve o t\u00edtulo de Doutor em Biologia Molecular na Universidade Federal de S\u00e3o Paulo \u2013 UNIFESP, durante o qual estudou a a\u00e7\u00e3o de pept\u00eddeos no sistema nervoso central. Antes de ingressar na Universidade Federal do ABC em Agosto de 2006, realizou um p\u00f3s-doutorado na Universidade Federal de S\u00e3o Paulo, estudando o sistema renina-angiontensina-aldosterona, utilizando an\u00e1logos da angiotensina II.<\/span><\/p>\n<p>[\/vc_column_text][\/vc_column][\/vc_row][vc_row row_type=&#8221;row&#8221; use_row_as_full_screen_section=&#8221;no&#8221; type=&#8221;in_container&#8221; angled_section=&#8221;no&#8221; text_align=&#8221;center&#8221; background_image_as_pattern=&#8221;without_pattern&#8221; css_animation=&#8221;&#8221; bg_position=&#8221;left top&#8221; bg_repeat=&#8221;no-repeat&#8221; scene_position=&#8221;center&#8221; text_color=&#8221;dark&#8221; top_padding=&#8221;40&#8243; bottom_padding=&#8221;40&#8243;][vc_column width=&#8221;1\/2&#8243;][vc_column_text css=&#8221;.vc_custom_1470354229145{padding-top: 30px !important;padding-bottom: 30px !important;}&#8221;]<\/p>\n<p style=\"text-align: justify;\"><span style=\"color: #000000;\">Nossa\u00a0linha\u00a0de\u00a0pesquisa\u00a0na\u00a0\u00e1rea de macromol\u00e9culas,\u00a0mais\u00a0especificamente\u00a0com pept\u00eddeos\u00a0biologicamente\u00a0ativos,\u00a0propicia\u00a0o\u00a0estudo\u00a0de horm\u00f4nios,\u00a0neurotransmissores\u00a0e neuropept\u00eddeos,\u00a0toxinas, antibi\u00f3ticos, prote\u00ednas,\u00a0atividade\u00a0enzim\u00e1tica e de\u00a0diversos\u00a0sistemas\u00a0biol\u00f3gicos. Nos\u00a0estudos\u00a0realizados\u00a0com pept\u00eddeos sint\u00e9ticos,\u00a0podemos\u00a0verificar\u00a0a import\u00e2ncia\u00a0dos res\u00edduos de amino\u00e1cidos de pept\u00eddeos ou de prote\u00ednas para o\u00a0reconhecimento\u00a0celular\u00a0e para o\u00a0disparo\u00a0da\u00a0atividade\u00a0biol\u00f3gica,\u00a0possibilitando\u00a0a\u00a0descoberta\u00a0de an\u00e1logos\u00a0que\u00a0apresentem\u00a0a\u00a0atividade\u00a0agonista\u00a0ou\u00a0antagonista.<\/span><\/p>\n<p style=\"text-align: justify;\"><span style=\"color: #000000;\">Relatamos, recentemente, a descoberta de pept\u00eddeos sint\u00e9ticos, que apresentam atividade contra os esporozo\u00edtas da mal\u00e1ria, abrindo novas perspectivas na preven\u00e7\u00e3o e no tratamento dessa doen\u00e7a. Nessa mesma linha, estudamos a a\u00e7\u00e3o dos pept\u00eddeos antimicrobianos, que constituem um excelente e promissor ramo para a aplica\u00e7\u00e3o de pept\u00eddeos para uso terap\u00eautico.<\/span><\/p>\n<p>[\/vc_column_text][\/vc_column][vc_column width=&#8221;1\/2&#8243;][vc_column_text css=&#8221;.vc_custom_1470354834472{padding-top: 80px !important;padding-bottom: 30px !important;}&#8221;]<a  itemprop=\"url\" href=\"http:\/\/pesquisa.ufabc.edu.br\/lacomb\/alunos\/\" target=\"_blank\"  class=\"qbutton  medium default\" style=\"\">Alunos<\/a><\/p>\n<p>&nbsp;<\/p>\n<p class=\"p1\"><a  itemprop=\"url\" href=\"http:\/\/pesquisa.ufabc.edu.br\/lacomb\/publicacoes\/oliveira-v-x-jr\/\" target=\"_blank\"  class=\"qbutton  medium default\" style=\"\">Publica\u00e7\u00f5es<\/a><\/p>\n<p>&nbsp;<\/p>\n<p class=\"p1\"><a  itemprop=\"url\" href=\"http:\/\/www.researcherid.com\/rid\/E-4645-2012\" target=\"_blank\"  class=\"qbutton  medium default\" style=\"\">ResearcherID<\/a><\/p>\n<p>[\/vc_column_text][\/vc_column][\/vc_row][vc_row row_type=&#8221;row&#8221; use_row_as_full_screen_section=&#8221;no&#8221; type=&#8221;in_container&#8221; angled_section=&#8221;no&#8221; text_align=&#8221;left&#8221; background_image_as_pattern=&#8221;without_pattern&#8221; css_animation=&#8221;&#8221; bg_position=&#8221;left top&#8221; bg_repeat=&#8221;no-repeat&#8221; scene_position=&#8221;center&#8221; text_color=&#8221;dark&#8221; top_padding=&#8221;70&#8243; bottom_padding=&#8221;50&#8243;][vc_column][vc_text_separator title=&#8221;Orienta\u00e7\u00f5es e Supervis\u00f5es em Andamento&#8221; title_align=&#8221;separator_align_left&#8221; border=&#8221;no&#8221;][\/vc_column][\/vc_row][vc_row row_type=&#8221;row&#8221; use_row_as_full_screen_section=&#8221;no&#8221; type=&#8221;full_width&#8221; angled_section=&#8221;no&#8221; text_align=&#8221;left&#8221; background_image_as_pattern=&#8221;without_pattern&#8221; css_animation=&#8221;&#8221;][vc_column][vc_column_text css=&#8221;.vc_custom_1470355319775{padding-top: 30px !important;padding-bottom: 30px !important;}&#8221;]<\/p>\n<h2 style=\"text-align: justify;\"><span style=\"color: #000000;\">Supervis\u00f5es de p\u00f3s-doutorado:<\/span><\/h2>\n<p>&nbsp;<\/p>\n<p style=\"text-align: justify;\"><span style=\"color: #000000;\">Adriana Farias da Silva: .2015.<\/span><\/p>\n<p>&nbsp;<\/p>\n<p style=\"text-align: justify;\"><span style=\"color: #000000;\">Roseli\u00a0Hiromi Sato: Detec\u00e7\u00e3o de Doen\u00e7as\u00a0neurodegenerativas\u00a0em\u00a0amostras\u00a0de salivas. 2015.<\/span><\/p>\n<p>&nbsp;<\/p>\n<h2 style=\"text-align: justify;\"><span style=\"color: #000000;\">Tese de Doutorado:<\/span><\/h2>\n<p>&nbsp;<\/p>\n<p style=\"text-align: justify;\"><span style=\"color: #000000;\">Cibele Nicolaski\u00a0Pedron: Pept\u00eddeos Antimicrobianos\u00a0derivados\u00a0do VmCT1. In\u00edcio: 2015. Tese (Doutorado em Ci\u00eancia e Tecnologia \/ Qu\u00edmica) &#8211; Universidade Federal do ABC. (Orientador).<\/span><\/p>\n<p>&nbsp;<\/p>\n<p style=\"text-align: justify;\"><span style=\"color: #000000;\">Marcelo Der Torossian Torres: Aplica\u00e7\u00f5es Biol\u00f3gicas de Novos Pept\u00eddeos Antimicrobianos. In\u00edcio: 2013. Tese (Doutorado em Ci\u00eancia e Tecnologia \/ Qu\u00edmica) &#8211; Universidade Federal do ABC, Funda\u00e7\u00e3o de Amparo \u00e0 Pesquisa do Estado de S\u00e3o Paulo. (Orientador).<\/span><\/p>\n<p>[\/vc_column_text][\/vc_column][\/vc_row][vc_row row_type=&#8221;row&#8221; use_row_as_full_screen_section=&#8221;no&#8221; type=&#8221;in_container&#8221; angled_section=&#8221;no&#8221; text_align=&#8221;left&#8221; background_image_as_pattern=&#8221;without_pattern&#8221; css_animation=&#8221;&#8221; bg_position=&#8221;left top&#8221; bg_repeat=&#8221;no-repeat&#8221; scene_position=&#8221;center&#8221; text_color=&#8221;dark&#8221; top_padding=&#8221;70&#8243; bottom_padding=&#8221;50&#8243;][vc_column][vc_text_separator title=&#8221;Orienta\u00e7\u00f5es Conclu\u00eddas&#8221; title_align=&#8221;separator_align_left&#8221; border=&#8221;no&#8221;][\/vc_column][\/vc_row][vc_row row_type=&#8221;row&#8221; use_row_as_full_screen_section=&#8221;no&#8221; type=&#8221;full_width&#8221; angled_section=&#8221;no&#8221; text_align=&#8221;left&#8221; background_image_as_pattern=&#8221;without_pattern&#8221; css_animation=&#8221;&#8221;][vc_column][vc_column_text css=&#8221;.vc_custom_1470355303775{padding-top: 30px !important;padding-bottom: 30px !important;}&#8221;]<\/p>\n<h2 style=\"text-align: justify;\"><span style=\"color: #000000;\">Tese de Doutorado:<\/span><\/h2>\n<p>&nbsp;<\/p>\n<p style=\"text-align: justify;\"><span style=\"color: #000000;\">Danieli Melo de Freitas: S\u00edntese e Caracteriza\u00e7\u00e3o de Pept\u00eddeos Antimal\u00e1ricos. In\u00edcio: 2011. Tese (Doutorado em Ci\u00eancia e Tecnologia \/ Qu\u00edmica) &#8211; Universidade Federal do ABC. (Orientador).<\/span><\/p>\n<p>&nbsp;<\/p>\n<p style=\"text-align: justify;\"><span style=\"color: #000000;\">Adriana Farias da Silva:\u00a0Pept\u00eddeos Antimal\u00e1ricos Derivados da Angiotensina II. 2015. Tese (Doutorado em Ci\u00eancia e Tecnologia \/ Qu\u00edmica) &#8211; Universidade Federal do ABC, Funda\u00e7\u00e3o de Amparo \u00e0 Pesquisa do Estado de S\u00e3o Paulo. Orientador: Vani Xavier de Oliveira Junior.<\/span><\/p>\n<p>&nbsp;<\/p>\n<p style=\"text-align: justify;\"><span style=\"color: #000000;\">Edgard Antonio Ferreira. Nova abordagem para a obten\u00e7\u00e3o de geodiamol\u00eddeos e estudo de seus efeitos biol\u00f3gicos. 2014. Tese (Doutorado em Ci\u00eancia e Tecnologia) &#8211; Universidade Federal do ABC, . Coorientador: Vani Xavier de Oliveira Junior.<\/span><\/p>\n<p>&nbsp;<\/p>\n<p style=\"text-align: justify;\"><span style=\"color: #000000;\">Danielle da Costa Silva. Estudo te\u00f3rico-experimental sobre ligantes bioativos do receptor de angiotensina II.. 2012. Tese (Doutorado em Ci\u00eancia e Tecnologia) &#8211; Universidade Federal do ABC, Coordena\u00e7\u00e3o de Aperfei\u00e7oamento de Pessoal de N\u00edvel Superior. Coorientador: Vani Xavier de Oliveira Junior.<\/span><\/p>\n<p>&nbsp;<\/p>\n<h2 style=\"text-align: justify;\"><span style=\"color: #000000;\">Disserta\u00e7\u00e3o de Mestrado:<\/span><\/h2>\n<p>&nbsp;<\/p>\n<p style=\"text-align: justify;\"><span style=\"color: #000000;\">Isabel Cristina Chica de Acevedo: Estudo das Caracter\u00edsticas Estruturais do Antimicrobiano IsCT. In\u00edcio: 2014. Disserta\u00e7\u00e3o (Mestrado em P\u00f3s-Gradua\u00e7\u00e3o em Ci\u00eancia e Tecnologia\/Qu\u00edmica) &#8211; Universidade Federal do ABC. (Orientador).<\/span><\/p>\n<p>&nbsp;<\/p>\n<p style=\"text-align: justify;\"><span style=\"color: #000000;\">Cibele Nicolaski Pedron:\u00a0Estudos biol\u00f3gicos de an\u00e1logos da angiotensina II, utilizando micelas nanoestruturadas. 2015. Disserta\u00e7\u00e3o (Mestrado em P\u00f3s-Gradua\u00e7\u00e3o em Ci\u00eancia e Tecnologia\/Qu\u00edmica) &#8211; Universidade Federal do ABC, Coordena\u00e7\u00e3o de Aperfei\u00e7oamento de Pessoal de N\u00edvel Superior. Orientador: Vani Xavier de Oliveira Junior.<\/span><\/p>\n<p>&nbsp;<\/p>\n<p style=\"text-align: justify;\"><span style=\"color: #000000;\">Marcelo Der Torossian Torres:\u00a0 Antimal\u00e1ricos C\u00edclicos Derivados da Angiotensina II. 2013. Disserta\u00e7\u00e3o (Mestrado em P\u00f3s-Gradua\u00e7\u00e3o em Ci\u00eancia e Tecnologia\/Qu\u00edmica) &#8211; Universidade Federal do ABC, Funda\u00e7\u00e3o de Amparo \u00e0 Pesquisa do Estado de S\u00e3o Paulo. Orientador: Vani Xavier de Oliveira Junior.<\/span><\/p>\n<p>&nbsp;<\/p>\n<p style=\"text-align: justify;\"><span style=\"color: #000000;\">Luiz Henrique Rodrigues Ferreira:\u00a0Estudos sobre a estrutura m\u00ednima da angiotensina II para a manuten\u00e7\u00e3o da atividade antimal\u00e1rica. 2012. Disserta\u00e7\u00e3o (Mestrado em P\u00f3s-Gradua\u00e7\u00e3o em Ci\u00eancia e Tecnologia\/Qu\u00edmica) &#8211; Universidade Federal do ABC, . Orientador: Vani Xavier de Oliveira Junior.<\/span><\/p>\n<p>&nbsp;<\/p>\n<p style=\"text-align: justify;\"><span style=\"color: #000000;\">Fernanda Maria Rodrigues:\u00a0 Produ\u00e7\u00e3o e Avalia\u00e7\u00e3o de Materiais de Acesso Restrito Obtidos por meio da S\u00edntese de Pept\u00eddeos em Fase S\u00f3lida.. 2012. Disserta\u00e7\u00e3o (Mestrado em P\u00f3s-Gradua\u00e7\u00e3o em Ci\u00eancia e Tecnologia\/Qu\u00edmica) &#8211; Universidade Federal do ABC, . Orientador: Vani Xavier de Oliveira Junior.<\/span><\/p>\n<p>&nbsp;<\/p>\n<p style=\"text-align: justify;\"><span style=\"color: #000000;\">Leslia Edith Sarmiento Guardado: Otimiza\u00e7\u00e3o da Etapa de Clivagem, na S\u00edntese de Pept\u00eddeos em Fase. 2012. Disserta\u00e7\u00e3o (Mestrado em P\u00f3s-Gradua\u00e7\u00e3o em Ci\u00eancia e Tecnologia\/Qu\u00edmica) &#8211; Universidade Federal do ABC, . Orientador: Vani Xavier de Oliveira Junior.<\/span><\/p>\n<p>&nbsp;<\/p>\n<p style=\"text-align: justify;\"><span style=\"color: #000000;\">Adriana Farias da Silva:\u00a0Estudo da import\u00e2ncia da cadeia lateral dos res\u00edduos de amino\u00e1cidos da angiotensina II, na a\u00e7\u00e3o biol\u00f3gica contra os esporozo\u00edtas da mal\u00e1ria. 2011. Disserta\u00e7\u00e3o (Mestrado em P\u00f3s-Gradua\u00e7\u00e3o em Ci\u00eancia e Tecnologia\/Qu\u00edmica) &#8211; Universidade Federal do ABC, . Orientador: Vani Xavier de Oliveira Junior.<\/span><\/p>\n<p>&nbsp;<\/p>\n<p style=\"text-align: justify;\"><span style=\"color: #000000;\">Mayra Chamlian. Estudos da A\u00e7\u00e3o de An\u00e1logos C\u00edclicos da Angiotensina II nos Esporozo\u00edtas da Mal\u00e1ria. 2009. Disserta\u00e7\u00e3o (Mestrado em Ci\u00eancia e Tecnologia) &#8211; Universidade Federal do ABC, . Orientador: Vani Xavier de Oliveira Junior.<\/span><\/p>\n<p>&nbsp;<\/p>\n<h2 style=\"text-align: justify;\"><span style=\"color: #000000;\">Inicia\u00e7\u00e3o Cient\u00edfica:<\/span><\/h2>\n<p>&nbsp;<\/p>\n<p style=\"text-align: justify;\"><span style=\"color: #000000;\">Gabriela Bertoni Dos Santos. Obten\u00e7\u00e3o de cadeias polim\u00e9ricas de amino\u00e1cidos para aplica\u00e7\u00e3o como sistemas carreadores de f\u00e1rmacos. 2015. Inicia\u00e7\u00e3o Cient\u00edfica. (Graduando em Bacharel em Ci\u00eancias e Tecnologia) &#8211; Universidade Federal do ABC. Orientador: Vani Xavier de Oliveira Junior.<\/span><\/p>\n<p>&nbsp;<\/p>\n<p style=\"text-align: justify;\"><span style=\"color: #000000;\">Matheus Cassina Ribeiro. S\u00edntese e Aplica\u00e7\u00e3o de Novos Pept\u00eddeos Antimicrobianos. 2015. Inicia\u00e7\u00e3o Cient\u00edfica. (Graduando em Bacharel em Ci\u00eancias e Tecnologia) &#8211; Universidade Federal do ABC. Orientador: Vani Xavier de Oliveira Junior.<\/span><\/p>\n<p>&nbsp;<\/p>\n<p style=\"text-align: justify;\"><span style=\"color: #000000;\">Matheus Cassina Ribeiro. Estudos de sinergia entre compostos antimal\u00e1ricos. 2013. Inicia\u00e7\u00e3o Cient\u00edfica. (Graduando em Bacharel em Ci\u00eancias e Tecnologia) &#8211; Universidade Federal do ABC. Orientador: Vani Xavier de Oliveira Junior.<\/span><\/p>\n<p>&nbsp;<\/p>\n<p style=\"text-align: justify;\"><span style=\"color: #000000;\">Matheus Cassina Ribeiro. S\u00edntese de compostos antimal\u00e1ricos, usando click chemistry e pept\u00eddeos lasso. 2012. Inicia\u00e7\u00e3o Cient\u00edfica. (Graduando em Bacharel em Ci\u00eancias e Tecnologia) &#8211; Universidade Federal do ABC. Orientador: Vani Xavier de Oliveira Junior.<\/span><\/p>\n<p>&nbsp;<\/p>\n<p style=\"text-align: justify;\"><span style=\"color: #000000;\">Marcelo Der Torossian Torres. An\u00e1lise do balan\u00e7o hidrof\u00f3bico\/hidrof\u00edlico da Angiotensina II, na a\u00e7\u00e3o antimal\u00e1rica. 2010. Inicia\u00e7\u00e3o Cient\u00edfica. (Graduando em Bacharel em Ci\u00eancias e Tecnologia) &#8211; Universidade Federal do ABC, Conselho Nacional de Desenvolvimento Cient\u00edfico e Tecnol\u00f3gico. Orientador: Vani Xavier de Oliveira Junior.<\/span><\/p>\n<p>&nbsp;<\/p>\n<p style=\"text-align: justify;\"><span style=\"color: #000000;\">Gabriel Echevarria Rodrigues de Macedo. Influ\u00eancia do Tamanho da Ponte de Lactama na Atividade Biol\u00f3gica do An\u00e1logo VC-5.. 2009. Inicia\u00e7\u00e3o Cient\u00edfica. (Graduando em Bacharel em Ci\u00eancias e Tecnologia) &#8211; Universidade Federal do ABC. Orientador: Vani Xavier de Oliveira Junior.<\/span><\/p>\n<p>&nbsp;<\/p>\n<p style=\"text-align: justify;\"><span style=\"color: #000000;\">Raphael Bussotti Pereira. S\u00edntese, Caracteriza\u00e7\u00e3o e Estudos Biol\u00f3gicos da inser\u00e7\u00e3o da Lactama no An\u00e1logo [endo-(Asp5a), endo-(Lys6a)]-AII da Angiotensina II.. 2009. Inicia\u00e7\u00e3o Cient\u00edfica. (Graduando em Bacharel em Ci\u00eancias e Tecnologia) &#8211; Universidade Federal do ABC. Orientador: Vani Xavier de Oliveira Junior.<\/span><\/p>\n<p>&nbsp;<\/p>\n<p style=\"text-align: justify;\"><span style=\"color: #000000;\">Thais Nardi dos Santos Santana. Estudos de Estrutura-Atividade de An\u00e1logos da Angiotensina II pela Inser\u00e7\u00e3o de Pontes de Dissulfeto. 2009. Inicia\u00e7\u00e3o Cient\u00edfica. (Graduando em Bacharel em Ci\u00eancias e Tecnologia) &#8211; Universidade Federal do ABC. Orientador: Vani Xavier de Oliveira Junior.<\/span><\/p>\n<p>&nbsp;<\/p>\n<p style=\"text-align: justify;\"><span style=\"color: #000000;\">Marcelo Der Torossian Torres. Estudos de Quiralidade na Ponte de Lactama do An\u00e1logo VC-5. 2009. Inicia\u00e7\u00e3o Cient\u00edfica. (Graduando em Bacharel em Ci\u00eancias e Tecnologia) &#8211; Universidade Federal do ABC. Orientador: Vani Xavier de Oliveira Junior.<\/span><\/p>\n<p>&nbsp;<\/p>\n<p style=\"text-align: justify;\"><span style=\"color: #000000;\">Luiz Henrique Rodrigues Ferreira. Otimiza\u00e7\u00e3o da Etapa de Clivagem, na S\u00edntese de Pept\u00eddeos em Fase S\u00f3lida, pelo uso de Microondas.. 2008. Inicia\u00e7\u00e3o Cient\u00edfica. (Graduando em Bacharel em Ci\u00eancias e Tecnologia) &#8211; Universidade Federal do ABC, Conselho Nacional de Desenvolvimento Cient\u00edfico e Tecnol\u00f3gico. Orientador: Vani Xavier de Oliveira Junior.<\/span><\/p>\n<p>&nbsp;<\/p>\n<p style=\"text-align: justify;\"><span style=\"color: #000000;\">Marcelo Der Torossian Torres. S\u00edntese de Pept\u00eddeos em Ftalocianinas ? Aplica\u00e7\u00f5es em Terapias Anti-tumor. 2008. Inicia\u00e7\u00e3o Cient\u00edfica. (Graduando em Bacharel em Ci\u00eancias e Tecnologia) &#8211; Universidade Federal do ABC. Orientador: Vani Xavier de Oliveira Junior.<\/span><\/p>\n<p>&nbsp;<\/p>\n<p style=\"text-align: justify;\"><span style=\"color: #000000;\">Luiz Henrique Rodrigues Ferreira. Estudo de Estrutura-Atividade da Gomesina. 2007. Inicia\u00e7\u00e3o Cient\u00edfica. (Graduando em Bacharel em Ci\u00eancias e Tecnologia) &#8211; Universidade Federal do ABC. Orientador: Vani Xavier de Oliveira Junior.<\/span><\/p>\n<p>&nbsp;<\/p>\n<p style=\"text-align: justify;\"><span style=\"color: #000000;\">Andr\u00e9 Queiroz Stelle. Estudos Biol\u00f3gicos dos Fragmentos da Leptina Humana. 2007. Inicia\u00e7\u00e3o Cient\u00edfica. (Graduando em Bacharel em Ci\u00eancias e Tecnologia) &#8211; Universidade Federal do ABC. Orientador: Vani Xavier de Oliveira Junior.<\/span><\/p>\n<p>\u00a0[\/vc_column_text][\/vc_column][\/vc_row]<\/p>\n","protected":false},"excerpt":{"rendered":"<p>[vc_row row_type=&#8221;row&#8221; use_row_as_full_screen_section=&#8221;no&#8221; type=&#8221;full_width&#8221; angled_section=&#8221;no&#8221; text_align=&#8221;left&#8221; background_image_as_pattern=&#8221;without_pattern&#8221; css_animation=&#8221;&#8221;][vc_column width=&#8221;1\/2&#8243;][vc_single_image image=&#8221;64&#8243; img_size=&#8221;full&#8221; alignment=&#8221;center&#8221; qode_css_animation=&#8221;&#8221; css=&#8221;.vc_custom_1470354048832{padding-top: 30px !important;padding-bottom: 30px !important;}&#8221;][\/vc_column][vc_column width=&#8221;1\/2&#8243;][vc_column_text css=&#8221;.vc_custom_1470354150434{padding-top: 30px !important;padding-bottom: 30px !important;}&#8221;] Dr. Oliveira \u00e9 professor adjunto do Centro de Ci\u00eancias e Humanidades da Universidade Federal do ABC \u2013 UFABC. Formado em bacharelado&#8230;<\/p>\n","protected":false},"author":1,"featured_media":0,"parent":18,"menu_order":0,"comment_status":"open","ping_status":"open","template":"","meta":{"footnotes":""},"class_list":["post-26","page","type-page","status-publish","hentry"],"_links":{"self":[{"href":"https:\/\/pesquisa.ufabc.edu.br\/lacomb\/wp-json\/wp\/v2\/pages\/26","targetHints":{"allow":["GET"]}}],"collection":[{"href":"https:\/\/pesquisa.ufabc.edu.br\/lacomb\/wp-json\/wp\/v2\/pages"}],"about":[{"href":"https:\/\/pesquisa.ufabc.edu.br\/lacomb\/wp-json\/wp\/v2\/types\/page"}],"author":[{"embeddable":true,"href":"https:\/\/pesquisa.ufabc.edu.br\/lacomb\/wp-json\/wp\/v2\/users\/1"}],"replies":[{"embeddable":true,"href":"https:\/\/pesquisa.ufabc.edu.br\/lacomb\/wp-json\/wp\/v2\/comments?post=26"}],"version-history":[{"count":45,"href":"https:\/\/pesquisa.ufabc.edu.br\/lacomb\/wp-json\/wp\/v2\/pages\/26\/revisions"}],"predecessor-version":[{"id":86,"href":"https:\/\/pesquisa.ufabc.edu.br\/lacomb\/wp-json\/wp\/v2\/pages\/26\/revisions\/86"}],"up":[{"embeddable":true,"href":"https:\/\/pesquisa.ufabc.edu.br\/lacomb\/wp-json\/wp\/v2\/pages\/18"}],"wp:attachment":[{"href":"https:\/\/pesquisa.ufabc.edu.br\/lacomb\/wp-json\/wp\/v2\/media?parent=26"}],"curies":[{"name":"wp","href":"https:\/\/api.w.org\/{rel}","templated":true}]}}